{"id":1139,"date":"2021-12-31T08:00:43","date_gmt":"2021-12-31T07:00:43","guid":{"rendered":"https:\/\/mazzolen.myhostpoint.ch\/?page_id=1139"},"modified":"2022-04-13T10:30:45","modified_gmt":"2022-04-13T08:30:45","slug":"aktivitaeten-und-produktionen","status":"publish","type":"page","link":"https:\/\/ventnegru.ch\/de\/aktivitaeten-und-produktionen\/","title":{"rendered":"Aktivit\u00e4ten und Produktionen"},"content":{"rendered":"<p>[vc_row css_animation=&#8220;&#8220; row_type=&#8220;row&#8220; use_row_as_full_screen_section=&#8220;no&#8220; type=&#8220;grid&#8220; angled_section=&#8220;no&#8220; text_align=&#8220;left&#8220; background_image_as_pattern=&#8220;without_pattern&#8220; z_index=&#8220;&#8220;][vc_column width=&#8220;1\/6&#8243;][\/vc_column][vc_column width=&#8220;2\/3&#8243;][vc_column_text]<\/p>\n<h1 style=\"text-align: center;\">Aktivit\u00e4ten und Produktionen<\/h1>\n<p>[\/vc_column_text][vc_empty_space height=&#8220;80px&#8220;][\/vc_column][vc_column width=&#8220;1\/6&#8243;][\/vc_column][\/vc_row][vc_row css_animation=&#8220;&#8220; row_type=&#8220;row&#8220; use_row_as_full_screen_section=&#8220;no&#8220; type=&#8220;grid&#8220; angled_section=&#8220;no&#8220; text_align=&#8220;left&#8220; background_image_as_pattern=&#8220;without_pattern&#8220; z_index=&#8220;&#8220;][vc_column]<div class=\"custom_font_holder\" style=\" font-size: 35px; line-height: 26px; font-style: normal; font-weight: 500; color: #337e50; text-decoration: none; text-align: left;\">Konzerte<\/div>[vc_separator type=&#8220;small&#8220; position=&#8220;left&#8220; color=&#8220;#337e50&#8243; thickness=&#8220;2&#8243;][vc_empty_space height=&#8220;40px&#8220;][\/vc_column][\/vc_row][vc_row css_animation=&#8220;&#8220; row_type=&#8220;row&#8220; use_row_as_full_screen_section=&#8220;no&#8220; type=&#8220;grid&#8220; angled_section=&#8220;no&#8220; text_align=&#8220;left&#8220; background_image_as_pattern=&#8220;without_pattern&#8220; z_index=&#8220;&#8220;][vc_column width=&#8220;1\/2&#8243;][vc_column_text]<\/p>\n<h2>Musik aus dem Tessin &#8230; und Umgebung:<\/h2>\n<p>[\/vc_column_text][vc_empty_space height=&#8220;10px&#8220;][vc_column_text]Musik und Lieder aus der s\u00fcdalpinen Tradition,<br \/>\nsowie eigene und fremde Kompositionen.<br \/>\nMit Erl\u00e4uterungen, geschichtlichen Hintergr\u00fcnden<br \/>\nund Anekdoten.[\/vc_column_text][vc_empty_space height=&#8220;30px&#8220;][\/vc_column][vc_column width=&#8220;1\/2&#8243;][vc_column_text]<\/p>\n<h2>Riflessioni Musicali:<\/h2>\n<p>[\/vc_column_text][vc_empty_space height=&#8220;10px&#8220;][vc_column_text]Ges\u00e4nge in Latein aus der Volksliturgie, traditionelle Musik, Balladen und Lieder sowie eigene und fremde Kompositionen vereint in einer Art musikalischer Andacht. Dieses Konzert wird nur in Kapellen, kleinen Kirchen oder einem Raum mit \u00e4hnlichen Eigenschaften gespielt.\u2028 Jeweils im Sommer organisieren wir im Tessin 8-10 dieser Konzerte\u2028 (siehe Kalender).[\/vc_column_text][vc_empty_space height=&#8220;20px&#8220;][\/vc_column][\/vc_row][vc_row css_animation=&#8220;&#8220; row_type=&#8220;row&#8220; use_row_as_full_screen_section=&#8220;no&#8220; type=&#8220;grid&#8220; angled_section=&#8220;no&#8220; text_align=&#8220;left&#8220; background_image_as_pattern=&#8220;without_pattern&#8220; z_index=&#8220;&#8220;][vc_column][vc_empty_space height=&#8220;30px&#8220;][\/vc_column][\/vc_row][vc_row css_animation=&#8220;&#8220; row_type=&#8220;row&#8220; use_row_as_full_screen_section=&#8220;no&#8220; type=&#8220;grid&#8220; angled_section=&#8220;no&#8220; text_align=&#8220;left&#8220; background_image_as_pattern=&#8220;without_pattern&#8220; z_index=&#8220;&#8220; background_color=&#8220;#ffffff&#8220;][vc_column width=&#8220;1\/2&#8243;][vc_column_text]<\/p>\n<h2>Viaggio a Betlemme<\/h2>\n<p>[\/vc_column_text][vc_empty_space height=&#8220;10px&#8220;][vc_column_text]Weihnachtskonzert.[\/vc_column_text][vc_empty_space height=&#8220;30px&#8220;][\/vc_column][vc_column width=&#8220;1\/2&#8243;][vc_column_text]<\/p>\n<h2>Eternit\u00e0 d&#8217;Am\u00fbr<\/h2>\n<p>[\/vc_column_text][vc_empty_space height=&#8220;10px&#8220;][vc_column_text]12 Gedichte vom Tessiner Dialektdichter Fernando Grignola, vertont und interpretiert von Vent Negru.<br \/>\nMit Erl\u00e4uterungen und \u00dcbersetzungen.[\/vc_column_text][vc_empty_space height=&#8220;20px&#8220;][\/vc_column][\/vc_row][vc_row css_animation=&#8220;&#8220; row_type=&#8220;row&#8220; use_row_as_full_screen_section=&#8220;no&#8220; type=&#8220;grid&#8220; angled_section=&#8220;no&#8220; text_align=&#8220;left&#8220; background_image_as_pattern=&#8220;without_pattern&#8220; z_index=&#8220;&#8220;][vc_column][vc_empty_space height=&#8220;40px&#8220;][\/vc_column][\/vc_row][vc_row css_animation=&#8220;&#8220; row_type=&#8220;row&#8220; use_row_as_full_screen_section=&#8220;no&#8220; type=&#8220;grid&#8220; angled_section=&#8220;no&#8220; text_align=&#8220;left&#8220; background_image_as_pattern=&#8220;without_pattern&#8220; z_index=&#8220;&#8220;][vc_column width=&#8220;1\/2&#8243;][vc_column_text]<\/p>\n<h2>Animationen<\/h2>\n<p>[\/vc_column_text][vc_empty_space height=&#8220;10px&#8220;][vc_column_text]Auf Anfrage spielt Vent Negru nach wie vor bei privaten Festen und den verschiedensten privaten wie \u00f6ffentlichen Anl\u00e4ssen sowie in Altersheimen und Tagesst\u00e4tten.[\/vc_column_text][vc_empty_space height=&#8220;20px&#8220;][\/vc_column][vc_column width=&#8220;1\/2&#8243;][\/vc_column][\/vc_row][vc_row css_animation=&#8220;&#8220; row_type=&#8220;row&#8220; use_row_as_full_screen_section=&#8220;no&#8220; type=&#8220;grid&#8220; angled_section=&#8220;no&#8220; text_align=&#8220;left&#8220; background_image_as_pattern=&#8220;without_pattern&#8220; z_index=&#8220;&#8220;][vc_column][vc_empty_space height=&#8220;60px&#8220;][\/vc_column][\/vc_row][vc_row row_type=&#8220;parallax&#8220; parallax_content_width=&#8220;full_width&#8220; text_align=&#8220;left&#8220; full_screen_section_height=&#8220;no&#8220; background_image=&#8220;274&#8243;][vc_column][vc_empty_space height=&#8220;400px&#8220;][\/vc_column][\/vc_row][vc_row css_animation=&#8220;&#8220; row_type=&#8220;row&#8220; use_row_as_full_screen_section=&#8220;no&#8220; type=&#8220;grid&#8220; angled_section=&#8220;no&#8220; text_align=&#8220;left&#8220; background_image_as_pattern=&#8220;without_pattern&#8220; z_index=&#8220;&#8220;][vc_column][vc_empty_space height=&#8220;80px&#8220;]<div class=\"custom_font_holder\" style=\" font-size: 35px; line-height: 26px; font-style: normal; font-weight: 500; color: #337e50; text-decoration: none; text-align: left;\">Produktionen<\/div>[vc_separator type=&#8220;small&#8220; position=&#8220;left&#8220; color=&#8220;#337e50&#8243; thickness=&#8220;2&#8243;][vc_empty_space height=&#8220;40px&#8220;][\/vc_column][\/vc_row][vc_row css_animation=&#8220;&#8220; row_type=&#8220;row&#8220; use_row_as_full_screen_section=&#8220;no&#8220; type=&#8220;grid&#8220; angled_section=&#8220;no&#8220; text_align=&#8220;left&#8220; background_image_as_pattern=&#8220;without_pattern&#8220; z_index=&#8220;&#8220;][vc_column width=&#8220;1\/2&#8243;]<div class=\"qode-accordion-holder clearfix qode-accordion qode-initial \">\n\t<h6 class=\"clearfix qode-title-holder\">\n<span class=\"qode-tab-title\">\n\t    <span class=\"qode-tab-title-inner\">\n        2021    <\/span>\n<\/span>\n<span class=\"qode-accordion-mark\">\n    <span class=\"qode-accordion-mark-icon\">\n        <span class=\"icon_plus\"><\/span>\n        <span class=\"icon_minus-06\"><\/span>\n    <\/span>\n<\/span>\n<\/h6>\n<div  class=\"qode-accordion-content \" >\n    <div class=\"qode-accordion-content-inner\">\n        <div class=\"custom_font_holder\" style=\" font-size: 20px; line-height: 26px; font-style: normal; font-weight: 500; color: #337e50; text-decoration: none; text-align: left;\">Serenada<\/div>[vc_column_text]<strong>CD<\/strong>[\/vc_column_text][vc_empty_space height=&#8220;10px&#8220;][vc_column_text]Eigenproduktion, anl\u00e4sslich unseres 30-j\u00e4hrigen Bestehens.[\/vc_column_text]    <\/div>\n<\/div><h6 class=\"clearfix qode-title-holder\">\n<span class=\"qode-tab-title\">\n\t    <span class=\"qode-tab-title-inner\">\n        2017    <\/span>\n<\/span>\n<span class=\"qode-accordion-mark\">\n    <span class=\"qode-accordion-mark-icon\">\n        <span class=\"icon_plus\"><\/span>\n        <span class=\"icon_minus-06\"><\/span>\n    <\/span>\n<\/span>\n<\/h6>\n<div  class=\"qode-accordion-content \" >\n    <div class=\"qode-accordion-content-inner\">\n        <div class=\"custom_font_holder\" style=\" font-size: 20px; line-height: 26px; font-style: normal; font-weight: 500; color: #337e50; text-decoration: none; text-align: left;\">38\u00b0 EBU \u2013 EuroRadio FolkFestival<\/div>[vc_column_text]<strong>Freitag 21. und Samstag 22. Juli 2017<\/strong>[\/vc_column_text][vc_empty_space height=&#8220;10px&#8220;][vc_column_text]CESKY KRUMLOV (Tschechische Republik)[\/vc_column_text][vc_empty_space height=&#8220;10px&#8220;][vc_column_text]VENT NEGRU vertritt die Schweiz[\/vc_column_text][vc_empty_space height=&#8220;10px&#8220;][vc_column_text]<a href=\"http:\/\/www.rtr.ch\/emissiuns\/la-populara\/vent-negru\">Interview und Konzertausschnitte h\u00f6ren<\/a>[\/vc_column_text]    <\/div>\n<\/div><h6 class=\"clearfix qode-title-holder\">\n<span class=\"qode-tab-title\">\n\t    <span class=\"qode-tab-title-inner\">\n        2016    <\/span>\n<\/span>\n<span class=\"qode-accordion-mark\">\n    <span class=\"qode-accordion-mark-icon\">\n        <span class=\"icon_plus\"><\/span>\n        <span class=\"icon_minus-06\"><\/span>\n    <\/span>\n<\/span>\n<\/h6>\n<div  class=\"qode-accordion-content \" >\n    <div class=\"qode-accordion-content-inner\">\n        <div class=\"custom_font_holder\" style=\" font-size: 20px; line-height: 26px; font-style: normal; font-weight: 500; color: #337e50; text-decoration: none; text-align: left;\">Resumada<\/div>[vc_column_text]<strong>CD<\/strong>[\/vc_column_text][vc_empty_space height=&#8220;10px&#8220;][vc_column_text]Eigenproduktion, anl\u00e4sslich unsers 25-j\u00e4hrigen Bestehens.[\/vc_column_text]    <\/div>\n<\/div><h6 class=\"clearfix qode-title-holder\">\n<span class=\"qode-tab-title\">\n\t    <span class=\"qode-tab-title-inner\">\n        2015    <\/span>\n<\/span>\n<span class=\"qode-accordion-mark\">\n    <span class=\"qode-accordion-mark-icon\">\n        <span class=\"icon_plus\"><\/span>\n        <span class=\"icon_minus-06\"><\/span>\n    <\/span>\n<\/span>\n<\/h6>\n<div  class=\"qode-accordion-content \" >\n    <div class=\"qode-accordion-content-inner\">\n        <div class=\"custom_font_holder\" style=\" font-size: 20px; line-height: 26px; font-style: normal; font-weight: 500; color: #337e50; text-decoration: none; text-align: left;\">Fa mia ul bergum<\/div>[vc_column_text]<strong>Dokumentarfilm von Bruno Bergomi<\/strong>[\/vc_column_text][vc_empty_space height=&#8220;10px&#8220;][vc_column_text]RSI w\u00e4hlt die Musik von Vent Negru f\u00fcr den Soundtrack.[\/vc_column_text][vc_empty_space height=&#8220;10px&#8220;][vc_column_text]<a href=\"https:\/\/www.rsi.ch\/la1\/programmi\/cultura\/storie\/documentari\/Fa-mia-ul-bergum-3565651.html\">Dokumentarfilm ansehen<\/a>[\/vc_column_text]    <\/div>\n<\/div><h6 class=\"clearfix qode-title-holder\">\n<span class=\"qode-tab-title\">\n\t    <span class=\"qode-tab-title-inner\">\n        2012    <\/span>\n<\/span>\n<span class=\"qode-accordion-mark\">\n    <span class=\"qode-accordion-mark-icon\">\n        <span class=\"icon_plus\"><\/span>\n        <span class=\"icon_minus-06\"><\/span>\n    <\/span>\n<\/span>\n<\/h6>\n<div  class=\"qode-accordion-content \" >\n    <div class=\"qode-accordion-content-inner\">\n        <div class=\"custom_font_holder\" style=\" font-size: 20px; line-height: 26px; font-style: normal; font-weight: 500; color: #337e50; text-decoration: none; text-align: left;\">Volo in ombra<\/div>[vc_column_text]<strong>Dokumentarfilm von Olmo Cerri<\/strong>[\/vc_column_text][vc_empty_space height=&#8220;10px&#8220;][vc_column_text]Erstellung, Arrangement und Aufnahme der Originalmusik f\u00fcr den Soundtrack.[\/vc_column_text][vc_empty_space height=&#8220;10px&#8220;][vc_column_text]Produktion CISA Lugano[\/vc_column_text]    <\/div>\n<\/div><h6 class=\"clearfix qode-title-holder\">\n<span class=\"qode-tab-title\">\n\t    <span class=\"qode-tab-title-inner\">\n        2011    <\/span>\n<\/span>\n<span class=\"qode-accordion-mark\">\n    <span class=\"qode-accordion-mark-icon\">\n        <span class=\"icon_plus\"><\/span>\n        <span class=\"icon_minus-06\"><\/span>\n    <\/span>\n<\/span>\n<\/h6>\n<div  class=\"qode-accordion-content \" >\n    <div class=\"qode-accordion-content-inner\">\n        <div class=\"custom_font_holder\" style=\" font-size: 20px; line-height: 26px; font-style: normal; font-weight: 500; color: #337e50; text-decoration: none; text-align: left;\">U sool u n\u00e8ss tutt i d\u00e9i<\/div>[vc_column_text]<strong>CD<\/strong>[\/vc_column_text][vc_empty_space height=&#8220;10px&#8220;][vc_column_text]Eigenproduktion, anl\u00e4sslich unseres 20-j\u00e4hrigen Bestehens und unseren \u201cRiflessioni Musicali\u201d gewidmet.[\/vc_column_text]    <\/div>\n<\/div><h6 class=\"clearfix qode-title-holder\">\n<span class=\"qode-tab-title\">\n\t    <span class=\"qode-tab-title-inner\">\n        2008    <\/span>\n<\/span>\n<span class=\"qode-accordion-mark\">\n    <span class=\"qode-accordion-mark-icon\">\n        <span class=\"icon_plus\"><\/span>\n        <span class=\"icon_minus-06\"><\/span>\n    <\/span>\n<\/span>\n<\/h6>\n<div  class=\"qode-accordion-content \" >\n    <div class=\"qode-accordion-content-inner\">\n        <div class=\"custom_font_holder\" style=\" font-size: 20px; line-height: 26px; font-style: normal; font-weight: 500; color: #337e50; text-decoration: none; text-align: left;\">Viaggio a Betlemme<\/div>[vc_column_text]<strong>CD<\/strong>[\/vc_column_text][vc_empty_space height=&#8220;10px&#8220;][vc_column_text]Weihnachtskonzert, in Co-Produktion mit RSI.[\/vc_column_text]    <\/div>\n<\/div><h6 class=\"clearfix qode-title-holder\">\n<span class=\"qode-tab-title\">\n\t    <span class=\"qode-tab-title-inner\">\n        2004    <\/span>\n<\/span>\n<span class=\"qode-accordion-mark\">\n    <span class=\"qode-accordion-mark-icon\">\n        <span class=\"icon_plus\"><\/span>\n        <span class=\"icon_minus-06\"><\/span>\n    <\/span>\n<\/span>\n<\/h6>\n<div  class=\"qode-accordion-content \" >\n    <div class=\"qode-accordion-content-inner\">\n        <div class=\"custom_font_holder\" style=\" font-size: 20px; line-height: 26px; font-style: normal; font-weight: 500; color: #337e50; text-decoration: none; text-align: left;\">Eternit\u00e0 d\u2019Am\u00fbr<\/div>[vc_column_text]<strong>CD<\/strong>[\/vc_column_text][vc_empty_space height=&#8220;10px&#8220;][vc_column_text]Mundart-Gedichte von Fernando Grignola, vertont und interpretiert von Vent Negru.[\/vc_column_text][vc_empty_space height=&#8220;10px&#8220;][vc_column_text]Produktion RTSI[\/vc_column_text]    <\/div>\n<\/div><h6 class=\"clearfix qode-title-holder\">\n<span class=\"qode-tab-title\">\n\t    <span class=\"qode-tab-title-inner\">\n        2003    <\/span>\n<\/span>\n<span class=\"qode-accordion-mark\">\n    <span class=\"qode-accordion-mark-icon\">\n        <span class=\"icon_plus\"><\/span>\n        <span class=\"icon_minus-06\"><\/span>\n    <\/span>\n<\/span>\n<\/h6>\n<div  class=\"qode-accordion-content \" >\n    <div class=\"qode-accordion-content-inner\">\n        <div class=\"custom_font_holder\" style=\" font-size: 20px; line-height: 26px; font-style: normal; font-weight: 500; color: #337e50; text-decoration: none; text-align: left;\">Leva su ca canta u gall<\/div>[vc_column_text]<strong>CD<\/strong>[\/vc_column_text][vc_empty_space height=&#8220;10px&#8220;][vc_column_text]Eigenproduktion[\/vc_column_text]    <\/div>\n<\/div><h6 class=\"clearfix qode-title-holder\">\n<span class=\"qode-tab-title\">\n\t    <span class=\"qode-tab-title-inner\">\n        2000    <\/span>\n<\/span>\n<span class=\"qode-accordion-mark\">\n    <span class=\"qode-accordion-mark-icon\">\n        <span class=\"icon_plus\"><\/span>\n        <span class=\"icon_minus-06\"><\/span>\n    <\/span>\n<\/span>\n<\/h6>\n<div  class=\"qode-accordion-content \" >\n    <div class=\"qode-accordion-content-inner\">\n        <div class=\"custom_font_holder\" style=\" font-size: 20px; line-height: 26px; font-style: normal; font-weight: 500; color: #337e50; text-decoration: none; text-align: left;\">Il Campiello di Carlo Goldoni<\/div>[vc_column_text]Kreiieren und ausf\u00fchren der B\u00fchnenmusik, sowie Kreation der Choreographi[\/vc_column_text][vc_empty_space height=&#8220;10px&#8220;][vc_column_text]Th\u00e9\u00e2tre Kl\u00e9ber-M\u00e9leau, Lausanne.[\/vc_column_text]    <\/div>\n<\/div><h6 class=\"clearfix qode-title-holder\">\n<span class=\"qode-tab-title\">\n\t    <span class=\"qode-tab-title-inner\">\n        1999    <\/span>\n<\/span>\n<span class=\"qode-accordion-mark\">\n    <span class=\"qode-accordion-mark-icon\">\n        <span class=\"icon_plus\"><\/span>\n        <span class=\"icon_minus-06\"><\/span>\n    <\/span>\n<\/span>\n<\/h6>\n<div  class=\"qode-accordion-content \" >\n    <div class=\"qode-accordion-content-inner\">\n        <div class=\"custom_font_holder\" style=\" font-size: 20px; line-height: 26px; font-style: normal; font-weight: 500; color: #337e50; text-decoration: none; text-align: left;\">Vent Negru<\/div>[vc_column_text]<strong>CD<\/strong>[\/vc_column_text][vc_empty_space height=&#8220;10px&#8220;][vc_column_text]Eigenproduktion[\/vc_column_text]    <\/div>\n<\/div><h6 class=\"clearfix qode-title-holder\">\n<span class=\"qode-tab-title\">\n\t    <span class=\"qode-tab-title-inner\">\n        1995    <\/span>\n<\/span>\n<span class=\"qode-accordion-mark\">\n    <span class=\"qode-accordion-mark-icon\">\n        <span class=\"icon_plus\"><\/span>\n        <span class=\"icon_minus-06\"><\/span>\n    <\/span>\n<\/span>\n<\/h6>\n<div  class=\"qode-accordion-content \" >\n    <div class=\"qode-accordion-content-inner\">\n        <div class=\"custom_font_holder\" style=\" font-size: 20px; line-height: 26px; font-style: normal; font-weight: 500; color: #337e50; text-decoration: none; text-align: left;\">Piferada V\u00e9gia<\/div>[vc_column_text]<strong>MC und CD<\/strong>[\/vc_column_text][vc_empty_space height=&#8220;10px&#8220;][vc_column_text]Eigenproduktion[\/vc_column_text]    <\/div>\n<\/div><h6 class=\"clearfix qode-title-holder\">\n<span class=\"qode-tab-title\">\n\t    <span class=\"qode-tab-title-inner\">\n        1993    <\/span>\n<\/span>\n<span class=\"qode-accordion-mark\">\n    <span class=\"qode-accordion-mark-icon\">\n        <span class=\"icon_plus\"><\/span>\n        <span class=\"icon_minus-06\"><\/span>\n    <\/span>\n<\/span>\n<\/h6>\n<div  class=\"qode-accordion-content \" >\n    <div class=\"qode-accordion-content-inner\">\n        <div class=\"custom_font_holder\" style=\" font-size: 20px; line-height: 26px; font-style: normal; font-weight: 500; color: #337e50; text-decoration: none; text-align: left;\">Al Cioss<\/div>[vc_column_text]<strong>MC<\/strong>[\/vc_column_text][vc_empty_space height=&#8220;10px&#8220;][vc_column_text]Eigenproduktion[\/vc_column_text]    <\/div>\n<\/div><\/div>[vc_empty_space height=&#8220;30px&#8220;][\/vc_column][vc_column width=&#8220;1\/2&#8243;][vc_column_text]<\/p>\n<h2>Aktivit\u00e4t und Produktion des letzten Jahrhunderts: Strohflechten zur<br \/>\nHerstellung der &#8222;Binda&#8220;.<\/h2>\n<p>[\/vc_column_text][vc_empty_space height=&#8220;10px&#8220;][vc_column_text]Luisa Nizzola, Ahnenverwandte von Mauro Garbani,<br \/>\nAuressio September 1945.[\/vc_column_text][vc_empty_space height=&#8220;30px&#8220;][vc_single_image image=&#8220;916&#8243; img_size=&#8220;full&#8220; qode_css_animation=&#8220;&#8220;][\/vc_column][\/vc_row][vc_row css_animation=&#8220;&#8220; row_type=&#8220;row&#8220; use_row_as_full_screen_section=&#8220;no&#8220; type=&#8220;full_width&#8220; angled_section=&#8220;no&#8220; text_align=&#8220;left&#8220; background_image_as_pattern=&#8220;without_pattern&#8220;][vc_column][vc_empty_space height=&#8220;100px&#8220;][\/vc_column][\/vc_row]<\/p>\n","protected":false},"excerpt":{"rendered":"<p>[vc_row css_animation=&#8220;&#8220; row_type=&#8220;row&#8220; use_row_as_full_screen_section=&#8220;no&#8220; type=&#8220;grid&#8220; angled_section=&#8220;no&#8220; text_align=&#8220;left&#8220; background_image_as_pattern=&#8220;without_pattern&#8220; z_index=&#8220;&#8220;][vc_column width=&#8220;1\/6&#8243;][\/vc_column][vc_column width=&#8220;2\/3&#8243;][vc_column_text] Aktivit\u00e4ten und Produktionen [\/vc_column_text][vc_empty_space height=&#8220;80px&#8220;][\/vc_column][vc_column width=&#8220;1\/6&#8243;][\/vc_column][\/vc_row][vc_row css_animation=&#8220;&#8220; row_type=&#8220;row&#8220; use_row_as_full_screen_section=&#8220;no&#8220; type=&#8220;grid&#8220; angled_section=&#8220;no&#8220; text_align=&#8220;left&#8220; background_image_as_pattern=&#8220;without_pattern&#8220; z_index=&#8220;&#8220;][vc_column][vc_separator type=&#8220;small&#8220; position=&#8220;left&#8220; color=&#8220;#337e50&#8243; thickness=&#8220;2&#8243;][vc_empty_space height=&#8220;40px&#8220;][\/vc_column][\/vc_row][vc_row css_animation=&#8220;&#8220; row_type=&#8220;row&#8220; use_row_as_full_screen_section=&#8220;no&#8220; type=&#8220;grid&#8220; angled_section=&#8220;no&#8220; text_align=&#8220;left&#8220; background_image_as_pattern=&#8220;without_pattern&#8220; z_index=&#8220;&#8220;][vc_column width=&#8220;1\/2&#8243;][vc_column_text] Musik aus dem Tessin &#8230; und&#8230;<\/p>\n","protected":false},"author":1,"featured_media":0,"parent":0,"menu_order":0,"comment_status":"closed","ping_status":"closed","template":"full_width.php","meta":{"footnotes":""},"class_list":["post-1139","page","type-page","status-publish","hentry"],"_links":{"self":[{"href":"https:\/\/ventnegru.ch\/de\/wp-json\/wp\/v2\/pages\/1139","targetHints":{"allow":["GET"]}}],"collection":[{"href":"https:\/\/ventnegru.ch\/de\/wp-json\/wp\/v2\/pages"}],"about":[{"href":"https:\/\/ventnegru.ch\/de\/wp-json\/wp\/v2\/types\/page"}],"author":[{"embeddable":true,"href":"https:\/\/ventnegru.ch\/de\/wp-json\/wp\/v2\/users\/1"}],"replies":[{"embeddable":true,"href":"https:\/\/ventnegru.ch\/de\/wp-json\/wp\/v2\/comments?post=1139"}],"version-history":[{"count":4,"href":"https:\/\/ventnegru.ch\/de\/wp-json\/wp\/v2\/pages\/1139\/revisions"}],"predecessor-version":[{"id":1897,"href":"https:\/\/ventnegru.ch\/de\/wp-json\/wp\/v2\/pages\/1139\/revisions\/1897"}],"wp:attachment":[{"href":"https:\/\/ventnegru.ch\/de\/wp-json\/wp\/v2\/media?parent=1139"}],"curies":[{"name":"wp","href":"https:\/\/api.w.org\/{rel}","templated":true}]}}