{"id":1115,"date":"2021-12-29T16:38:41","date_gmt":"2021-12-29T15:38:41","guid":{"rendered":"https:\/\/mazzolen.myhostpoint.ch\/?page_id=1115"},"modified":"2026-09-01T17:13:51","modified_gmt":"2026-09-01T15:13:51","slug":"home","status":"publish","type":"page","link":"https:\/\/ventnegru.ch\/de\/","title":{"rendered":"Home"},"content":{"rendered":"<p>[vc_row css_animation=&#8220;&#8220; row_type=&#8220;row&#8220; use_row_as_full_screen_section=&#8220;no&#8220; type=&#8220;full_width&#8220; angled_section=&#8220;no&#8220; text_align=&#8220;left&#8220; background_image_as_pattern=&#8220;without_pattern&#8220;][vc_column]\n\t\t\t<!-- START Slider tedesco REVOLUTION SLIDER 6.5.11 --><p class=\"rs-p-wp-fix\"><\/p>\n\t\t\t<rs-module-wrap id=\"rev_slider_2_1_wrapper\" data-source=\"gallery\" style=\"visibility:hidden;background:transparent;padding:0;margin:0px auto;margin-top:0;margin-bottom:0;\">\n\t\t\t\t<rs-module id=\"rev_slider_2_1\" style=\"\" data-version=\"6.5.11\">\n\t\t\t\t\t<rs-slides>\n\t\t\t\t\t\t<rs-slide style=\"position: absolute;\" data-key=\"rs-7\" data-title=\"Slide\" data-thumb=\"\/\/mazzolen.myhostpoint.ch\/wp-content\/uploads\/2021\/12\/slider1.jpg\" data-in=\"o:0;\" data-out=\"a:false;\">\n\t\t\t\t\t\t\t<img loading=\"lazy\" decoding=\"async\" src=\"\/\/ventnegru.ch\/wp-content\/plugins\/revslider\/public\/assets\/assets\/dummy.png\" title=\"slider1\" width=\"1600\" height=\"800\" class=\"rev-slidebg tp-rs-img rs-lazyload\" data-lazyload=\"\/\/mazzolen.myhostpoint.ch\/wp-content\/uploads\/2021\/12\/slider1.jpg\" data-no-retina>\n<!--\n\t\t\t\t\t\t\t--><rs-layer\n\t\t\t\t\t\t\t\tid=\"slider-2-slide-7-layer-0\" \n\t\t\t\t\t\t\t\tdata-type=\"text\"\n\t\t\t\t\t\t\t\tdata-color=\"#2b2b2b\"\n\t\t\t\t\t\t\t\tdata-rsp_ch=\"on\"\n\t\t\t\t\t\t\t\tdata-xy=\"xo:688px,491px,365px,171px;yo:85px,116px,196px,118px;\"\n\t\t\t\t\t\t\t\tdata-text=\"w:normal;s:17,14,14,14;l:21,17,16,16;\"\n\t\t\t\t\t\t\t\tdata-dim=\"w:343px,283px,215px,252px;\"\n\t\t\t\t\t\t\t\tdata-frame_999=\"o:0;st:w;\"\n\t\t\t\t\t\t\t\tstyle=\"z-index:9;font-family:'Raleway';\"\n\t\t\t\t\t\t\t>\"Melodien und Lieder aus einer fernen Zeit, gef\u00e4rbt von starken Gef\u00fchlen, <br \/>\ndie Kl\u00e4nge und Einsichten in unsere Seele, in unser Bewusstsein heben <br \/>\nund uns daran erinnern, woher wir kommen und wer wir sind.\" \n\t\t\t\t\t\t\t<\/rs-layer><!--\n\n\t\t\t\t\t\t\t--><rs-layer\n\t\t\t\t\t\t\t\tid=\"slider-2-slide-7-layer-1\" \n\t\t\t\t\t\t\t\tdata-type=\"text\"\n\t\t\t\t\t\t\t\tdata-color=\"#2b2b2b\"\n\t\t\t\t\t\t\t\tdata-rsp_ch=\"on\"\n\t\t\t\t\t\t\t\tdata-xy=\"xo:913px,667px,533px,333px;yo:222px,237px,308px,232px;\"\n\t\t\t\t\t\t\t\tdata-text=\"w:normal;s:17,14,14,14;l:25,20,15,9;\"\n\t\t\t\t\t\t\t\tdata-frame_999=\"o:0;st:w;\"\n\t\t\t\t\t\t\t\tstyle=\"z-index:8;font-family:'Raleway';\"\n\t\t\t\t\t\t\t>Arnaldo Alberti \n\t\t\t\t\t\t\t<\/rs-layer><!--\n-->\t\t\t\t\t\t<\/rs-slide>\n\t\t\t\t\t\t<rs-slide style=\"position: absolute;\" data-key=\"rs-10\" data-title=\"Slide\" data-thumb=\"\/\/ventnegru.ch\/wp-content\/uploads\/2024\/02\/DSC_4406-Pano-2-50x100.jpg\" data-in=\"o:0;\" data-out=\"a:false;\">\n\t\t\t\t\t\t\t<img loading=\"lazy\" decoding=\"async\" src=\"\/\/ventnegru.ch\/wp-content\/plugins\/revslider\/public\/assets\/assets\/dummy.png\" title=\"Corti in canto 2023\" width=\"1600\" height=\"900\" class=\"rev-slidebg tp-rs-img rs-lazyload\" data-lazyload=\"\/\/ventnegru.ch\/wp-content\/uploads\/2024\/02\/DSC_4406-Pano-2.jpg\" data-bg=\"p:right center;\" data-no-retina>\n<!---->\t\t\t\t\t\t<\/rs-slide>\n\t\t\t\t\t\t<rs-slide style=\"position: absolute;\" data-key=\"rs-8\" data-title=\"Slide\" data-thumb=\"\/\/mazzolen.myhostpoint.ch\/wp-content\/uploads\/2022\/02\/slider3b.jpg\" data-in=\"o:0;\" data-out=\"a:false;\">\n\t\t\t\t\t\t\t<img loading=\"lazy\" decoding=\"async\" src=\"\/\/ventnegru.ch\/wp-content\/plugins\/revslider\/public\/assets\/assets\/dummy.png\" title=\"slider3b\" width=\"1900\" height=\"1200\" class=\"rev-slidebg tp-rs-img rs-lazyload\" data-lazyload=\"\/\/mazzolen.myhostpoint.ch\/wp-content\/uploads\/2022\/02\/slider3b.jpg\" data-no-retina>\n<!--\n\t\t\t\t\t\t\t--><rs-layer\n\t\t\t\t\t\t\t\tid=\"slider-2-slide-8-layer-5\" \n\t\t\t\t\t\t\t\tdata-type=\"shape\"\n\t\t\t\t\t\t\t\tdata-rsp_ch=\"on\"\n\t\t\t\t\t\t\t\tdata-xy=\"xo:582px,393px,266px,67px;yo:472px,514px,632px,418px;\"\n\t\t\t\t\t\t\t\tdata-text=\"w:normal;s:20,16,12,7;l:0,20,15,9;\"\n\t\t\t\t\t\t\t\tdata-dim=\"w:586px,587px,408px,348px;h:93px,88px,97px,113px;\"\n\t\t\t\t\t\t\t\tdata-frame_999=\"o:0;st:w;\"\n\t\t\t\t\t\t\t\tstyle=\"z-index:8;background-color:rgba(53,100,144,0.5);\"\n\t\t\t\t\t\t\t> \n\t\t\t\t\t\t\t<\/rs-layer><!--\n\n\t\t\t\t\t\t\t--><rs-layer\n\t\t\t\t\t\t\t\tid=\"slider-2-slide-8-layer-6\" \n\t\t\t\t\t\t\t\tdata-type=\"text\"\n\t\t\t\t\t\t\t\tdata-rsp_ch=\"on\"\n\t\t\t\t\t\t\t\tdata-xy=\"xo:596px,405px,283px,84px;yo:480px,528px,641px,433px;\"\n\t\t\t\t\t\t\t\tdata-text=\"w:normal;s:17,17,15,15;l:25,20,18,17;\"\n\t\t\t\t\t\t\t\tdata-dim=\"w:575px,565px,379px,322px;h:auto,65px,80px,89px;\"\n\t\t\t\t\t\t\t\tdata-frame_999=\"o:0;st:w;\"\n\t\t\t\t\t\t\t\tstyle=\"z-index:9;font-family:'Raleway';\"\n\t\t\t\t\t\t\t>\"... am Abend, wenn sie ihre Arbeit beendet hatten, bliesen sie das Horn von Berg zu Berg und gaben sich gegenseitig Zeichen, wie der Tag verlaufen war... dann beteten sie den Rosenkranz und gingen schlafen...\" \n\t\t\t\t\t\t\t<\/rs-layer><!--\n-->\t\t\t\t\t\t<\/rs-slide>\n\t\t\t\t\t\t<rs-slide style=\"position: absolute;\" data-key=\"rs-9\" data-title=\"Slide\" data-thumb=\"\/\/mazzolen.myhostpoint.ch\/wp-content\/uploads\/2022\/02\/slider4.jpg\" data-in=\"o:0;\" data-out=\"a:false;\">\n\t\t\t\t\t\t\t<img loading=\"lazy\" decoding=\"async\" src=\"\/\/ventnegru.ch\/wp-content\/plugins\/revslider\/public\/assets\/assets\/dummy.png\" title=\"slider4\" width=\"1900\" height=\"1200\" class=\"rev-slidebg tp-rs-img rs-lazyload\" data-lazyload=\"\/\/mazzolen.myhostpoint.ch\/wp-content\/uploads\/2022\/02\/slider4.jpg\" data-no-retina>\n<!--\n\t\t\t\t\t\t\t--><rs-layer\n\t\t\t\t\t\t\t\tid=\"slider-2-slide-9-layer-2\" \n\t\t\t\t\t\t\t\tdata-type=\"text\"\n\t\t\t\t\t\t\t\tdata-rsp_ch=\"on\"\n\t\t\t\t\t\t\t\tdata-xy=\"xo:594px,556px,425px,173px;yo:319px,345px,464px,326px;\"\n\t\t\t\t\t\t\t\tdata-text=\"w:normal;s:17,15,15,15;l:24,19,17,17;\"\n\t\t\t\t\t\t\t\tdata-dim=\"w:227px,201px,199px,199px;h:auto,83px,71px,auto;\"\n\t\t\t\t\t\t\t\tdata-frame_999=\"o:0;st:w;\"\n\t\t\t\t\t\t\t\tstyle=\"z-index:9;font-family:'Raleway';\"\n\t\t\t\t\t\t\t>\u201cHege und pflege den Ast,<br \/>\num die Haselnuss zu haben.<br \/>\nHege und pflege die Mama,<br \/>\num die Tochter zu haben.\u201d \n\t\t\t\t\t\t\t<\/rs-layer><!--\n\n\t\t\t\t\t\t\t--><rs-layer\n\t\t\t\t\t\t\t\tid=\"slider-2-slide-9-layer-4\" \n\t\t\t\t\t\t\t\tdata-type=\"text\"\n\t\t\t\t\t\t\t\tdata-rsp_ch=\"on\"\n\t\t\t\t\t\t\t\tdata-xy=\"xo:694px,652px,525px,272px;yo:429px,435px,544px,408px;\"\n\t\t\t\t\t\t\t\tdata-text=\"w:normal;s:17,15,15,15;l:24,19,17,17;\"\n\t\t\t\t\t\t\t\tdata-dim=\"w:108px,94px,98px,97px;h:27px,22px,22px,21px;\"\n\t\t\t\t\t\t\t\tdata-frame_999=\"o:0;st:w;\"\n\t\t\t\t\t\t\t\tstyle=\"z-index:8;font-family:'Raleway';\"\n\t\t\t\t\t\t\t>(alter Spruch) \n\t\t\t\t\t\t\t<\/rs-layer><!--\n-->\t\t\t\t\t\t<\/rs-slide>\n\t\t\t\t\t<\/rs-slides>\n\t\t\t\t\t<rs-static-layers><!--\n\t\t\t\t\t--><\/rs-static-layers>\n\t\t\t\t<\/rs-module>\n\t\t\t\t<script type=\"text\/javascript\">\n\t\t\t\t\tsetREVStartSize({c: 'rev_slider_2_1',rl:[1240,1024,778,480],el:[700,768,960,720],gw:[1240,1024,778,480],gh:[700,768,960,720],type:'standard',justify:'',layout:'fullwidth',mh:\"0\"});if (window.RS_MODULES!==undefined && window.RS_MODULES.modules!==undefined && window.RS_MODULES.modules[\"revslider21\"]!==undefined) {window.RS_MODULES.modules[\"revslider21\"].once = false;window.revapi2 = undefined;if (window.RS_MODULES.checkMinimal!==undefined) window.RS_MODULES.checkMinimal()}\n\t\t\t\t<\/script>\n\t\t\t<\/rs-module-wrap>\n\t\t\t<!-- END REVOLUTION SLIDER -->\n[\/vc_column][\/vc_row][vc_row css_animation=&#8220;&#8220; row_type=&#8220;row&#8220; use_row_as_full_screen_section=&#8220;no&#8220; type=&#8220;full_width&#8220; angled_section=&#8220;no&#8220; text_align=&#8220;left&#8220; background_image_as_pattern=&#8220;without_pattern&#8220;][vc_column][vc_empty_space height=&#8220;20px&#8220;][\/vc_column][\/vc_row][vc_row css_animation=&#8220;&#8220; row_type=&#8220;row&#8220; use_row_as_full_screen_section=&#8220;no&#8220; type=&#8220;full_width&#8220; angled_section=&#8220;no&#8220; text_align=&#8220;left&#8220; background_image_as_pattern=&#8220;without_pattern&#8220;][vc_column][vc_column_text]<\/p>\n<h2 style=\"text-align: center;\"><a href=\"https:\/\/www.bak.admin.ch\/bak\/it\/home\/kulturschaffen\/musica\/premio-svizzero-di-musica\/gewinner-2025.html\" target=\"_blank\" rel=\"noopener\"><span style=\"color: #ff0000;\">Schweizer Musikpreis 2025<\/span><\/a><br \/>\n<span style=\"color: #008000;\">vom Bundesamt f\u00fcr Kultur f\u00fcr <\/span><span style=\"color: #008000;\">&#8222;Die Stimmen des Tessiner Musikerbes&#8220;<\/span><\/h2>\n<p>[\/vc_column_text][vc_empty_space height=&#8220;10px&#8220;][vc_separator type=&#8220;normal&#8220; color=&#8220;#337e50&#8243; thickness=&#8220;1&#8243;][vc_empty_space height=&#8220;10px&#8220;][\/vc_column][\/vc_row][vc_row css_animation=&#8220;&#8220; row_type=&#8220;row&#8220; use_row_as_full_screen_section=&#8220;no&#8220; type=&#8220;full_width&#8220; angled_section=&#8220;no&#8220; text_align=&#8220;left&#8220; background_image_as_pattern=&#8220;without_pattern&#8220;][vc_column width=&#8220;1\/3&#8243;][vc_column_text]<\/p>\n<h2 style=\"text-align: center;\">N\u00e4chste Veranstaltungen<\/h2>\n<p>[\/vc_column_text][vc_empty_space height=&#8220;10px&#8220;][vc_empty_space height=&#8220;10px&#8220;]<div class=\"custom_font_holder\" style=\" font-size: 20px; line-height: 26px; font-style: normal; font-weight: 500; color: #337e50; text-decoration: none; text-align: left;\">Samstag, 5. September 2026<\/div>[vc_column_text]privates Konzert[\/vc_column_text][vc_empty_space height=&#8220;10px&#8220;][vc_separator type=&#8220;normal&#8220; color=&#8220;#337e50&#8243; thickness=&#8220;1&#8243;][vc_empty_space height=&#8220;10px&#8220;]<div class=\"custom_font_holder\" style=\" font-size: 20px; line-height: 26px; font-style: normal; font-weight: 500; color: #337e50; text-decoration: none; text-align: left;\">Freitag, 25. September 2026<\/div>[vc_empty_space height=&#8220;10px&#8220;][vc_column_text]35 Jahre Vent Negru<br \/>\nPr\u00e4sentation der neuen CD<br \/>\n<strong>BASEL<br \/>\n<\/strong><em>&#8222;Kultur au Cour&#8220; bei Regen &#8222;Kultur im K\u00e4ller&#8220;<br \/>\n<\/em>Unterer Heuberg 21A<br \/>\n19.30 Uhr<br \/>\n<span style=\"color: #ff0000;\">mit Reservation:<\/span><br \/>\nventnegru@protonmail.com[\/vc_column_text][vc_empty_space height=&#8220;10px&#8220;][vc_separator type=&#8220;normal&#8220; color=&#8220;#337e50&#8243; thickness=&#8220;1&#8243;][vc_empty_space height=&#8220;10px&#8220;]<div class=\"custom_font_holder\" style=\" font-size: 20px; line-height: 26px; font-style: normal; font-weight: 500; color: #337e50; text-decoration: none; text-align: left;\">Samstag, 26. September 2026<\/div>[vc_column_text]35 Jahre Vent Negru<br \/>\nPr\u00e4sentation der neuen CD<br \/>\n<strong>BASEL<br \/>\n<\/strong><em>&#8222;Kultur au Cour&#8220; bei Regen &#8222;Kultur im K\u00e4ller&#8220;<br \/>\n<\/em>Unterer Heuberg 21A<br \/>\n19.30 Uhr<br \/>\n<span style=\"color: #ff0000;\">mit Reservation:<\/span><br \/>\nventnegru@protonmail.com[\/vc_column_text][vc_empty_space height=&#8220;10px&#8220;][vc_separator type=&#8220;normal&#8220; color=&#8220;#337e50&#8243; thickness=&#8220;1&#8243;][\/vc_column][vc_column width=&#8220;1\/3&#8243;][vc_column_text]<\/p>\n<h2 style=\"text-align: center;\">Unsere neue CD<\/h2>\n<p>[\/vc_column_text][vc_empty_space height=&#8220;10px&#8220;][vc_empty_space height=&#8220;10px&#8220;][vc_column_text]<\/p>\n<h3 style=\"text-align: center;\"><em>A la lev\u00e0da<\/em><\/h3>\n<p>[\/vc_column_text][vc_empty_space height=&#8220;10px&#8220;][vc_single_image image=&#8220;3410&#8243; img_size=&#8220;large&#8220; onclick=&#8220;custom_link&#8220; qode_css_animation=&#8220;&#8220;][vc_empty_space height=&#8220;30px&#8220;][vc_column_text]Unsere neue CD ist f\u00fcr den <a href=\"https:\/\/www.schallplattenkritik.de\/bestenlisten\/longlist\/longlist-32026\" target=\"_blank\" rel=\"noopener\">Preis der deutschen Schallplattenkritik<\/a> der Bestenliste 3\/2026 nominiert worden, siehe <em>Jury Traditionelle ethnische Musik!<\/em>[\/vc_column_text][vc_empty_space height=&#8220;30px&#8220;][vc_single_image image=&#8220;3463&#8243; alignment=&#8220;center&#8220; onclick=&#8220;custom_link&#8220; qode_css_animation=&#8220;&#8220;][vc_empty_space height=&#8220;30px&#8220;][\/vc_column][vc_column width=&#8220;1\/3&#8243;][vc_column_text]<\/p>\n<h2 style=\"text-align: center;\">Kontaktieren Sie uns<\/h2>\n<p>[\/vc_column_text][vc_empty_space height=&#8220;10px&#8220;][vc_empty_space height=&#8220;10px&#8220;][vc_empty_space height=&#8220;20px&#8220;][vc_column_text]F\u00fcr ein Konzert, um unsere CDs zu bestellen oder f\u00fcr weitere Informationen: z\u00f6gern Sie nicht, uns zu kontaktieren![\/vc_column_text][vc_empty_space height=&#8220;10px&#8220;][vc_column_text]<a href=\"https:\/\/ventnegru.ch\/de\/contatti\/\">Kontakt<\/a>[\/vc_column_text][\/vc_column][\/vc_row][vc_row css_animation=&#8220;&#8220; row_type=&#8220;row&#8220; use_row_as_full_screen_section=&#8220;no&#8220; type=&#8220;full_width&#8220; angled_section=&#8220;no&#8220; text_align=&#8220;left&#8220; background_image_as_pattern=&#8220;without_pattern&#8220;][vc_column][vc_empty_space height=&#8220;60px&#8220;][\/vc_column][\/vc_row]<\/p>\n","protected":false},"excerpt":{"rendered":"<p>[vc_row css_animation=&#8220;&#8220; row_type=&#8220;row&#8220; use_row_as_full_screen_section=&#8220;no&#8220; type=&#8220;full_width&#8220; angled_section=&#8220;no&#8220; text_align=&#8220;left&#8220; background_image_as_pattern=&#8220;without_pattern&#8220;][vc_column][\/vc_column][\/vc_row][vc_row css_animation=&#8220;&#8220; row_type=&#8220;row&#8220; use_row_as_full_screen_section=&#8220;no&#8220; type=&#8220;full_width&#8220; angled_section=&#8220;no&#8220; text_align=&#8220;left&#8220; background_image_as_pattern=&#8220;without_pattern&#8220;][vc_column][vc_empty_space height=&#8220;20px&#8220;][\/vc_column][\/vc_row][vc_row css_animation=&#8220;&#8220; row_type=&#8220;row&#8220; use_row_as_full_screen_section=&#8220;no&#8220; type=&#8220;full_width&#8220; angled_section=&#8220;no&#8220; text_align=&#8220;left&#8220; background_image_as_pattern=&#8220;without_pattern&#8220;][vc_column][vc_column_text] Schweizer Musikpreis 2025 vom Bundesamt f\u00fcr Kultur f\u00fcr &#8222;Die Stimmen des Tessiner Musikerbes&#8220; [\/vc_column_text][vc_empty_space height=&#8220;10px&#8220;][vc_separator type=&#8220;normal&#8220; color=&#8220;#337e50&#8243; thickness=&#8220;1&#8243;][vc_empty_space height=&#8220;10px&#8220;][\/vc_column][\/vc_row][vc_row css_animation=&#8220;&#8220; row_type=&#8220;row&#8220; use_row_as_full_screen_section=&#8220;no&#8220;&#8230;<\/p>\n","protected":false},"author":1,"featured_media":0,"parent":0,"menu_order":0,"comment_status":"closed","ping_status":"closed","template":"","meta":{"footnotes":""},"class_list":["post-1115","page","type-page","status-publish","hentry"],"_links":{"self":[{"href":"https:\/\/ventnegru.ch\/de\/wp-json\/wp\/v2\/pages\/1115","targetHints":{"allow":["GET"]}}],"collection":[{"href":"https:\/\/ventnegru.ch\/de\/wp-json\/wp\/v2\/pages"}],"about":[{"href":"https:\/\/ventnegru.ch\/de\/wp-json\/wp\/v2\/types\/page"}],"author":[{"embeddable":true,"href":"https:\/\/ventnegru.ch\/de\/wp-json\/wp\/v2\/users\/1"}],"replies":[{"embeddable":true,"href":"https:\/\/ventnegru.ch\/de\/wp-json\/wp\/v2\/comments?post=1115"}],"version-history":[{"count":269,"href":"https:\/\/ventnegru.ch\/de\/wp-json\/wp\/v2\/pages\/1115\/revisions"}],"predecessor-version":[{"id":3518,"href":"https:\/\/ventnegru.ch\/de\/wp-json\/wp\/v2\/pages\/1115\/revisions\/3518"}],"wp:attachment":[{"href":"https:\/\/ventnegru.ch\/de\/wp-json\/wp\/v2\/media?parent=1115"}],"curies":[{"name":"wp","href":"https:\/\/api.w.org\/{rel}","templated":true}]}}